{"id":199,"date":"2019-05-22T19:47:19","date_gmt":"2019-05-22T19:47:19","guid":{"rendered":"https:\/\/cms.dvg-lsa.de\/?page_id=199"},"modified":"2020-03-05T21:03:47","modified_gmt":"2020-03-05T21:03:47","slug":"tarifkommission-2","status":"publish","type":"page","link":"https:\/\/www.dvgbund.de\/?page_id=199","title":{"rendered":"Tarifkommission"},"content":{"rendered":"\n<blockquote class=\"wp-block-quote is-layout-flow wp-block-quote-is-layout-flow\"><p><strong>Die starke und kompetente Vertretung der  Tarifbesch\u00e4ftigten \u2013 die Tarifkommission der DVG<\/strong><\/p><\/blockquote>\n\n\n\n<p>Die Tarifbesch\u00e4ftigten sind bei der DVG keine Randgruppe und stellen einen hohen Anteil der Mitglieder in der DVG. F\u00fcr die kompetente Vertretung der Interessen der Tarifbesch\u00e4ftigten zeichnet die Tarifkommission der DVG verantwortlich. <\/p>\n\n\n\n<p>Die Tarifkommission der DVG beschlie\u00dft \u00fcber arbeits- und tarifrechtliche Fragen. <\/p>\n\n\n\n<p>Zu ihren Aufgaben geh\u00f6ren insbesondere:<\/p>\n\n\n\n<ul class=\"wp-block-list\"><li>Aufstellen von Forderungen zu den jeweiligen  Tarifverhandlungen<\/li><li>Vorbereitung, Durchf\u00fchrung und Beendigung von  Arbeitskampfma\u00dfnahmen.<\/li><li>Ansprechpartner unserer Mitglieder in allen tariflichen Fragen<\/li><\/ul>\n\n\n\n<p>Die Tarifkommission wird dar\u00fcber hinaus auch zu politischen Entscheidungen Stellung nehmen, welche Auswirkungen auf die von uns vertretenen Arbeitnehmer haben.<\/p>\n\n\n\n<p><strong>Ihre Meinung ist uns wichtig<\/strong><br>       <br>Weiterbildung und Kommunikation werden gro\u00df geschrieben. Interesse ist bei der DVG Tarifkommission stets gerne gesehen. Fragen werden schnell und kompetent beantwortet. <\/p>\n\n\n\n<p>Die Mitglieder der Tarifkommission erreichen Sie \u00fcber deren jeweiligen Landesverband oder \u00fcber den TK-Vorsitzenden.<\/p>\n\n\n\n<p>Ihre Tarifkommission der DVG<\/p>\n","protected":false},"excerpt":{"rendered":"<p>Die starke und kompetente Vertretung der Tarifbesch\u00e4ftigten \u2013 die Tarifkommission der DVG Die Tarifbesch\u00e4ftigten sind bei der DVG keine Randgruppe und stellen einen hohen Anteil der Mitglieder in der DVG. F\u00fcr die kompetente Vertretung der Interessen der Tarifbesch\u00e4ftigten zeichnet die Tarifkommission der DVG verantwortlich. Die Tarifkommission der DVG beschlie\u00dft \u00fcber arbeits- und tarifrechtliche Fragen. Zu &#8230; <a title=\"Tarifkommission\" class=\"read-more\" href=\"https:\/\/www.dvgbund.de\/?page_id=199\" aria-label=\"Mehr Informationen \u00fcber Tarifkommission\">Weiterlesen<\/a><\/p>\n","protected":false},"author":1,"featured_media":0,"parent":0,"menu_order":0,"comment_status":"closed","ping_status":"closed","template":"","meta":{"_mi_skip_tracking":false,"_monsterinsights_sitenote_active":false,"_monsterinsights_sitenote_note":"","_monsterinsights_sitenote_category":0,"footnotes":""},"class_list":["post-199","page","type-page","status-publish"],"aioseo_notices":[],"_links":{"self":[{"href":"https:\/\/www.dvgbund.de\/index.php?rest_route=\/wp\/v2\/pages\/199","targetHints":{"allow":["GET"]}}],"collection":[{"href":"https:\/\/www.dvgbund.de\/index.php?rest_route=\/wp\/v2\/pages"}],"about":[{"href":"https:\/\/www.dvgbund.de\/index.php?rest_route=\/wp\/v2\/types\/page"}],"author":[{"embeddable":true,"href":"https:\/\/www.dvgbund.de\/index.php?rest_route=\/wp\/v2\/users\/1"}],"replies":[{"embeddable":true,"href":"https:\/\/www.dvgbund.de\/index.php?rest_route=%2Fwp%2Fv2%2Fcomments&post=199"}],"version-history":[{"count":4,"href":"https:\/\/www.dvgbund.de\/index.php?rest_route=\/wp\/v2\/pages\/199\/revisions"}],"predecessor-version":[{"id":877,"href":"https:\/\/www.dvgbund.de\/index.php?rest_route=\/wp\/v2\/pages\/199\/revisions\/877"}],"wp:attachment":[{"href":"https:\/\/www.dvgbund.de\/index.php?rest_route=%2Fwp%2Fv2%2Fmedia&parent=199"}],"curies":[{"name":"wp","href":"https:\/\/api.w.org\/{rel}","templated":true}]}}