{"id":891,"date":"2020-03-04T22:08:27","date_gmt":"2020-03-04T22:08:27","guid":{"rendered":"https:\/\/cms.dvgbund.de\/?page_id=891"},"modified":"2025-06-06T20:07:28","modified_gmt":"2025-06-06T19:07:28","slug":"bundesjugendausschuss","status":"publish","type":"page","link":"https:\/\/www.dvgbund.de\/?page_id=891","title":{"rendered":"Bundesjugendausschuss"},"content":{"rendered":"\n<p>Der Bundesjugendausschuss besteht aus den Landesjungendleitern der dvg-Mitgliedsgewerkschaften und tagt zweimal j\u00e4hrlich im ganzen Bundesgebiet. Inhaltlich setzt der Bundesjugendausschuss die Beschl\u00fcsse des Bundesjugendtages um und bereit eigenst\u00e4ndige Aktionen vor.<\/p>\n\n\n\n<p>Die Bundesjugendausschuss der dvg-JUGEND (Bund) in der aktuellen Zusammensetzung:<\/p>\n\n\n\n<figure class=\"wp-block-image size-large\"><img loading=\"lazy\" decoding=\"async\" width=\"1024\" height=\"742\" src=\"https:\/\/www.dvgbund.de\/wp-content\/uploads\/2025\/06\/2025-04-25-Gruppenbild-Bundesjugendausschuss-in-Saarbruecken_1-1024x742.jpg\" alt=\"\" class=\"wp-image-2375\" srcset=\"https:\/\/www.dvgbund.de\/wp-content\/uploads\/2025\/06\/2025-04-25-Gruppenbild-Bundesjugendausschuss-in-Saarbruecken_1-1024x742.jpg 1024w, https:\/\/www.dvgbund.de\/wp-content\/uploads\/2025\/06\/2025-04-25-Gruppenbild-Bundesjugendausschuss-in-Saarbruecken_1-300x217.jpg 300w, https:\/\/www.dvgbund.de\/wp-content\/uploads\/2025\/06\/2025-04-25-Gruppenbild-Bundesjugendausschuss-in-Saarbruecken_1-768x556.jpg 768w, https:\/\/www.dvgbund.de\/wp-content\/uploads\/2025\/06\/2025-04-25-Gruppenbild-Bundesjugendausschuss-in-Saarbruecken_1-1536x1112.jpg 1536w, https:\/\/www.dvgbund.de\/wp-content\/uploads\/2025\/06\/2025-04-25-Gruppenbild-Bundesjugendausschuss-in-Saarbruecken_1.jpg 1962w\" sizes=\"auto, (max-width: 1024px) 100vw, 1024px\" \/><\/figure>\n\n\n\n<p><em>Foto: dvg-JUGEND Bund<\/em><\/p>\n\n\n\t<!-- wpshopmart team builder wrapper -->\r\n\t<div class=\"wpsm_team_1_b_row\" id=\"wpsm_team_1_b_row_374\">\r\n\t\t<div class=\"wpsm_row\">  \r\n\t\t\t<style>\r\n\t\t\t#wpsm_team_1_b_row_374 .wpsm_team_1_member_wrapper_inner h3{\r\n\t\t\t\tcolor:#000000 !important;\r\n\t\t\t\tfont-size:18px !important;\r\n\t\t\t\t\t\t\t\t  font-family:'Open Sans';\r\n\t\t\t\t\t\t\t\t\r\n\t\t\t}\r\n\t\t\t#wpsm_team_1_b_row_374 .wpsm_team_1_name_divider{\r\n\t\t\t\tbackground-color:#000000 !important;\r\n\t\t\t}\r\n\t\t\t#wpsm_team_1_b_row_374 .wpsm_team_1_b_desig{\r\n\t\t\t\tcolor:#000000 !important;\r\n\t\t\t\tfont-size:14px !important;\r\n\t\t\t\t\t\t\t\t   font-family:'Open Sans';\r\n\t\t\t\t\t\t\t}\r\n\t\t\t#wpsm_team_1_b_row_374 .wpsm_team_1_b_desc{\r\n\t\t\t\tcolor:#000000 !important;\r\n\t\t\t\tfont-size:14px !important;\r\n\t\t\t\t\t\t\t\t   font-family:'Open Sans';\r\n\t\t\t\t\t\t\t}\r\n\t\t\t#wpsm_team_1_b_row_374  p{\r\n\t\t\t\tcolor:#000000 !important;\r\n\t\t\t\tfont-size:14px !important;\r\n\t\t\t    \t\t\t\t   font-family:'Open Sans';\r\n\t\t\t\t\t\t\t\t\r\n\t\t\t}\r\n\t\t\t\r\n\t\t\t#wpsm_team_1_b_row_374 .wpsm_team_1_social_div a i{\r\n\t\t\t\tcolor:#4f4f4f !important;\r\n\t\t\t\tbackground:#e5e5e5 !important;\r\n\t\t\t}\r\n\t\t\t\t\t\t\r\n\t\t\t<\/style>\r\n\t\t\t\t\t\t \r\n\t\t\t\t\t<div class=\"wpsm_col-md-6 wpsm_col-sm-6 wpsm-col-div wpsm_single_team\">\r\n\t\t\t\t\t\t<div class=\"wpsm_team_1_member_wrapper\">\r\n\t\t\t\t\t\t\t<img decoding=\"async\" class=\"img-responsive wpsm_team_1_mem_img\" src=\"https:\/\/www.dvgbund.de\/wp-content\/uploads\/2019\/05\/User_Platzhalter_DVG_LSA-300x300_web_2025-01-12.jpg\" alt=\"Alina Weinberger\">\r\n\t\t\t\t\t\t\t<div class=\"wpsm_team_1_member_wrapper_inner\">\r\n\t\t\t\t\t\t\t\t<h3>\r\n\t\t\t\t\t\t\t\t\tAlina Weinberger\t\t\t\t\t\t\t\t\t<div class=\"wpsm_team_1_name_divider\"><\/div>\r\n\t\t\t\t\t\t\t\t<\/h3>\r\n\t\t\t\t\t\t\t\t<span class=\"wpsm_team_1_b_desig\"> Bundesjugendleiterin dvg-JUGEND Bund <\/span> \t\t\t\t\t\t\t\t<p class=\"wpsm_team_1_b_desc\"> Jugend der Deutschen Verwaltungs-Gewerkschaft Bund<br \/>\r\nH\u00e4ndelstr. 38, 06114 Halle (Saale)<br \/>\r\n<p style='text-align: left;'>\r\n<i class='wp-svg-phone phone'><\/i> R\u00fcckruf per E-Mail anfordern<br \/>\r\n<i class='wp-svg-drawer-2 drawer-2'><\/i> 0345\/5754681<br \/>\r\n<i class='wp-svg-envelop envelop'><\/i> <a href='mailto:alina.weinberger@dvg-jugend.de '>alina.weinberger@dvg-jugend.de <\/a><br \/>\r\n<i class='wp-svg-globe globe'><\/i> <a href='http:\/\/www.dvg-jugend.de ' target='_blank'>www.dvg-jugend.de <\/a><br \/>\r\n<\/p> <\/p> \t\t\t\t\t\t\t\t<div class=\"wpsm_team_1_social_div\">\r\n\t\t\t\t\t\t\t\t\t\t\t\t\t\t\t\t\t\t\t\t\t\t\t\t\t\t\t\t\t\t\t\t\t\t\t\t\t\t\t\t\t\t\t\t<\/div>\r\n\t\t\t\t\t\t\t<\/div>\r\n\t\t\t\t\t\t<\/div>\r\n\t\t\t\t\t<\/div>\r\n\t\t\t\t\t\t\t\t\t\t\t\t\t \r\n\t\t\t\t\t<div class=\"wpsm_col-md-6 wpsm_col-sm-6 wpsm-col-div wpsm_single_team\">\r\n\t\t\t\t\t\t<div class=\"wpsm_team_1_member_wrapper\">\r\n\t\t\t\t\t\t\t<img decoding=\"async\" class=\"img-responsive wpsm_team_1_mem_img\" src=\"https:\/\/www.dvgbund.de\/wp-content\/uploads\/2019\/05\/User_Platzhalter_DVG_LSA-300x300_web_2025-01-12.jpg\" alt=\"Christian H\u00f6nig\">\r\n\t\t\t\t\t\t\t<div class=\"wpsm_team_1_member_wrapper_inner\">\r\n\t\t\t\t\t\t\t\t<h3>\r\n\t\t\t\t\t\t\t\t\tChristian H\u00f6nig\t\t\t\t\t\t\t\t\t<div class=\"wpsm_team_1_name_divider\"><\/div>\r\n\t\t\t\t\t\t\t\t<\/h3>\r\n\t\t\t\t\t\t\t\t<span class=\"wpsm_team_1_b_desig\"> stellv. Bundesjugendleiter dvg-JUGEND Bund <\/span> \t\t\t\t\t\t\t\t<p class=\"wpsm_team_1_b_desc\"> Jugend der Deutschen Verwaltungs-Gewerkschaft Bund<br \/>\r\nH\u00e4ndelstr. 38, 06114 Halle (Saale)<br \/>\r\n<p style='text-align: left;'>\r\n<i class='wp-svg-phone phone'><\/i> R\u00fcckruf per E-Mail anfordern<br \/>\r\n<i class='wp-svg-drawer-2 drawer-2'><\/i> 0345\/5754681<br \/>\r\n<i class='wp-svg-envelop envelop'><\/i> <a href='mailto:christan.hoenig@dvg-jugend.de '>christan.hoenig@dvg-jugend.de<\/a><br \/>\r\n<i class='wp-svg-globe globe'><\/i> <a href='http:\/\/www.dvg-jugend.de ' target='_blank'>www.dvg-jugend.de <\/a><br \/>\r\n<\/p> <\/p> \t\t\t\t\t\t\t\t<div class=\"wpsm_team_1_social_div\">\r\n\t\t\t\t\t\t\t\t\t\t\t\t\t\t\t\t\t\t\t\t\t\t\t\t\t\t\t\t\t\t\t\t\t\t\t\t\t\t\t\t\t\t\t\t<\/div>\r\n\t\t\t\t\t\t\t<\/div>\r\n\t\t\t\t\t\t<\/div>\r\n\t\t\t\t\t<\/div>\r\n\t\t\t\t\t\t\t\t\t\t\t<\/div>\r\n\t\t\t\t\t\t<div class=\"wpsm_row\">\r\n\t\t\t\t\t\t\t\t\t\t\t\t\t\t \r\n\t\t\t\t\t<div class=\"wpsm_col-md-6 wpsm_col-sm-6 wpsm-col-div wpsm_single_team\">\r\n\t\t\t\t\t\t<div class=\"wpsm_team_1_member_wrapper\">\r\n\t\t\t\t\t\t\t<img decoding=\"async\" class=\"img-responsive wpsm_team_1_mem_img\" src=\"https:\/\/www.dvgbund.de\/wp-content\/uploads\/2019\/05\/User_Platzhalter_DVG_LSA-300x300_web_2025-01-12.jpg\" alt=\"Pascal Metzger\">\r\n\t\t\t\t\t\t\t<div class=\"wpsm_team_1_member_wrapper_inner\">\r\n\t\t\t\t\t\t\t\t<h3>\r\n\t\t\t\t\t\t\t\t\tPascal Metzger\t\t\t\t\t\t\t\t\t<div class=\"wpsm_team_1_name_divider\"><\/div>\r\n\t\t\t\t\t\t\t\t<\/h3>\r\n\t\t\t\t\t\t\t\t<span class=\"wpsm_team_1_b_desig\"> Verbandsjugendleiter VdV-Jugend <\/span> \t\t\t\t\t\t\t\t<p class=\"wpsm_team_1_b_desc\"> Verband der Verwaltungsbeamten in Baden-W\u00fcrttemberg (VdV)<br \/>\r\nPanoramastra\u00dfe 27, 70174 Stuttgart<br \/>\r\n<p style='text-align: left;'>\r\n<i class='wp-svg-phone phone'><\/i> 0711\/2263262<br \/>\r\n<i class='wp-svg-drawer-2 drawer-2'><\/i> 0711\/2263280<br \/>\r\n<i class='wp-svg-envelop envelop'><\/i> <a href='mailto:info@vdv-bw.de'>info@vdv-bw.de<\/a><br \/>\r\n<i class='wp-svg-globe globe'><\/i> <a href='http:\/\/www.vdv-bw.de' target='_blank'>www.vdv-bw.de<\/a><br \/>\r\n<\/p> <\/p> \t\t\t\t\t\t\t\t<div class=\"wpsm_team_1_social_div\">\r\n\t\t\t\t\t\t\t\t\t\t\t\t\t\t\t\t\t\t\t\t\t\t\t\t\t\t\t\t\t\t\t\t\t\t\t\t\t\t\t\t\t\t\t\t<\/div>\r\n\t\t\t\t\t\t\t<\/div>\r\n\t\t\t\t\t\t<\/div>\r\n\t\t\t\t\t<\/div>\r\n\t\t\t\t\t\t\t\t\t\t\t\t\t \r\n\t\t\t\t\t<div class=\"wpsm_col-md-6 wpsm_col-sm-6 wpsm-col-div wpsm_single_team\">\r\n\t\t\t\t\t\t<div class=\"wpsm_team_1_member_wrapper\">\r\n\t\t\t\t\t\t\t<img decoding=\"async\" class=\"img-responsive wpsm_team_1_mem_img\" src=\"https:\/\/www.dvgbund.de\/wp-content\/uploads\/2019\/05\/User_Platzhalter_DVG_LSA-300x300_web_2025-01-12.jpg\" alt=\"Judith Renner\">\r\n\t\t\t\t\t\t\t<div class=\"wpsm_team_1_member_wrapper_inner\">\r\n\t\t\t\t\t\t\t\t<h3>\r\n\t\t\t\t\t\t\t\t\tJudith Renner\t\t\t\t\t\t\t\t\t<div class=\"wpsm_team_1_name_divider\"><\/div>\r\n\t\t\t\t\t\t\t\t<\/h3>\r\n\t\t\t\t\t\t\t\t<span class=\"wpsm_team_1_b_desig\"> Landesjugendleiterin <\/span> \t\t\t\t\t\t\t\t<p class=\"wpsm_team_1_b_desc\"> Deutsche Verwaltungsgewerkschaft Bayern (DVG Bayern)<br \/>\r\nLiebigstr. 43\/I, 80538 M\u00fcnchen<br \/>\r\n<p style='text-align: left;'>\r\n<i class='wp-svg-phone phone'><\/i> 089\/296046<br \/>\r\n<i class='wp-svg-drawer-2 drawer-2'><\/i> 089\/21031391<br \/>\r\n<i class='wp-svg-envelop envelop'><\/i> <a href='mailto:judith.renner@tirschenreuth.de'>judith.renner@tirschenreuth.de<\/a><br \/>\r\n<i class='wp-svg-globe globe'><\/i> <a href='http:\/\/www.dvg-bay.de' target='_blank'>www.dvg-bay.de<\/a><br \/>\r\n<\/p> <\/p> \t\t\t\t\t\t\t\t<div class=\"wpsm_team_1_social_div\">\r\n\t\t\t\t\t\t\t\t\t\t\t\t\t\t\t\t\t\t\t\t\t\t\t\t\t\t\t\t\t\t\t\t\t\t\t\t\t\t\t\t\t\t\t\t<\/div>\r\n\t\t\t\t\t\t\t<\/div>\r\n\t\t\t\t\t\t<\/div>\r\n\t\t\t\t\t<\/div>\r\n\t\t\t\t\t\t\t\t\t\t\t<\/div>\r\n\t\t\t\t\t\t<div class=\"wpsm_row\">\r\n\t\t\t\t\t\t\t\t\t\t\t\t\t\t \r\n\t\t\t\t\t<div class=\"wpsm_col-md-6 wpsm_col-sm-6 wpsm-col-div wpsm_single_team\">\r\n\t\t\t\t\t\t<div class=\"wpsm_team_1_member_wrapper\">\r\n\t\t\t\t\t\t\t<img decoding=\"async\" class=\"img-responsive wpsm_team_1_mem_img\" src=\"https:\/\/www.dvgbund.de\/wp-content\/uploads\/2019\/05\/User_Platzhalter_DVG_LSA-300x300_web_2025-01-12.jpg\" alt=\"N.N.\">\r\n\t\t\t\t\t\t\t<div class=\"wpsm_team_1_member_wrapper_inner\">\r\n\t\t\t\t\t\t\t\t<h3>\r\n\t\t\t\t\t\t\t\t\tN.N.\t\t\t\t\t\t\t\t\t<div class=\"wpsm_team_1_name_divider\"><\/div>\r\n\t\t\t\t\t\t\t\t<\/h3>\r\n\t\t\t\t\t\t\t\t<span class=\"wpsm_team_1_b_desig\"> Keine eigenst\u00e4ndige Jugendorganisation, ohne Stimmrecht <\/span> \t\t\t\t\t\t\t\t<p class=\"wpsm_team_1_b_desc\"> Verband Bau und Umwelt Bayern e.V. (VBU)<br \/>\r\nFreisch\u00fctzstr. 99, 81927 M\u00fcnchen<br \/><br \/>\r\n<p style='text-align: left;'>\r\n\r\n\r\n<i class='wp-svg-envelop envelop'><\/i> <a href='mailto:1.Vorsitzender@vbu-bayern.de'>1.Vorsitzender@vbu-bayern.de<\/a><br \/>\r\n<i class='wp-svg-globe globe'><\/i> <a href='http:\/\/www.vbu-bayern.de' target='_blank'>www.vbu-bayern.de<\/a><br \/>\r\n<\/p> <\/p> \t\t\t\t\t\t\t\t<div class=\"wpsm_team_1_social_div\">\r\n\t\t\t\t\t\t\t\t\t\t\t\t\t\t\t\t\t\t\t\t\t\t\t\t\t\t\t\t\t\t\t\t\t\t\t\t\t\t\t\t\t\t\t\t<\/div>\r\n\t\t\t\t\t\t\t<\/div>\r\n\t\t\t\t\t\t<\/div>\r\n\t\t\t\t\t<\/div>\r\n\t\t\t\t\t\t\t\t\t\t\t\t\t \r\n\t\t\t\t\t<div class=\"wpsm_col-md-6 wpsm_col-sm-6 wpsm-col-div wpsm_single_team\">\r\n\t\t\t\t\t\t<div class=\"wpsm_team_1_member_wrapper\">\r\n\t\t\t\t\t\t\t<img decoding=\"async\" class=\"img-responsive wpsm_team_1_mem_img\" src=\"https:\/\/www.dvgbund.de\/wp-content\/uploads\/2019\/05\/User_Platzhalter_DVG_LSA-300x300_web_2025-01-12.jpg\" alt=\"N.N.\">\r\n\t\t\t\t\t\t\t<div class=\"wpsm_team_1_member_wrapper_inner\">\r\n\t\t\t\t\t\t\t\t<h3>\r\n\t\t\t\t\t\t\t\t\tN.N.\t\t\t\t\t\t\t\t\t<div class=\"wpsm_team_1_name_divider\"><\/div>\r\n\t\t\t\t\t\t\t\t<\/h3>\r\n\t\t\t\t\t\t\t\t<span class=\"wpsm_team_1_b_desig\"> Keine eigenst\u00e4ndige Jugendorganisation, ohne Stimmrecht <\/span> \t\t\t\t\t\t\t\t<p class=\"wpsm_team_1_b_desc\"> Deutsche Verwaltungsgewerkschaft Berlin-Brandenburg e.V.<br \/>\r\nWeinbergstra\u00dfe 36, 14469 Potsdam<br \/>\r\n<p style='text-align: left;'>\r\n<i class='wp-svg-phone phone'><\/i> 0179\/5925972<br \/>\r\n\r\n<i class='wp-svg-envelop envelop'><\/i> <a href='mailto:vorstand@dvg-bb.de'>vorstand@dvg-bb.de<\/a><br \/>\r\n<i class='wp-svg-globe globe'><\/i> <a href='http:\/\/www.dvg-bb.de' target='_blank'>www.dvg-bb.de<\/a><br \/>\r\n<\/p> <\/p> \t\t\t\t\t\t\t\t<div class=\"wpsm_team_1_social_div\">\r\n\t\t\t\t\t\t\t\t\t\t\t\t\t\t\t\t\t\t\t\t\t\t\t\t\t\t\t\t\t\t\t\t\t\t\t\t\t\t\t\t\t\t\t\t<\/div>\r\n\t\t\t\t\t\t\t<\/div>\r\n\t\t\t\t\t\t<\/div>\r\n\t\t\t\t\t<\/div>\r\n\t\t\t\t\t\t\t\t\t\t\t<\/div>\r\n\t\t\t\t\t\t<div class=\"wpsm_row\">\r\n\t\t\t\t\t\t\t\t\t\t\t\t\t\t \r\n\t\t\t\t\t<div class=\"wpsm_col-md-6 wpsm_col-sm-6 wpsm-col-div wpsm_single_team\">\r\n\t\t\t\t\t\t<div class=\"wpsm_team_1_member_wrapper\">\r\n\t\t\t\t\t\t\t<img decoding=\"async\" class=\"img-responsive wpsm_team_1_mem_img\" src=\"https:\/\/www.dvgbund.de\/wp-content\/uploads\/2019\/05\/User_Platzhalter_DVG_LSA-300x300_web_2025-01-12.jpg\" alt=\"Max Heizmann\">\r\n\t\t\t\t\t\t\t<div class=\"wpsm_team_1_member_wrapper_inner\">\r\n\t\t\t\t\t\t\t\t<h3>\r\n\t\t\t\t\t\t\t\t\tMax Heizmann\t\t\t\t\t\t\t\t\t<div class=\"wpsm_team_1_name_divider\"><\/div>\r\n\t\t\t\t\t\t\t\t<\/h3>\r\n\t\t\t\t\t\t\t\t<span class=\"wpsm_team_1_b_desig\"> Landesjugendleiter (amt.) <\/span> \t\t\t\t\t\t\t\t<p class=\"wpsm_team_1_b_desc\"> Deutsche Verwaltungs-Gewerkschaft Hessen (DVG Hessen)<br \/>\r\nHilpertstra\u00dfe 20, 64295 Darmstadt<br \/>\r\n<p style='text-align: left;'>\r\n<i class='wp-svg-phone phone'><\/i> 06151\/2790558<br \/>\r\n<i class='wp-svg-drawer-2 drawer-2'><\/i> 06151\/2790559<br \/>\r\n<i class='wp-svg-envelop envelop'><\/i> <a href='mailto:p.mierzwa@dvg-hessen.de'>M.Heizmann@dvg-hessen.de<\/a><br \/>\r\n<i class='wp-svg-globe globe'><\/i> <a href='http:\/\/www.dvg-hessen.de' target='_blank'>www.dvg-hessen.de<\/a><br \/>\r\n<\/p> <\/p> \t\t\t\t\t\t\t\t<div class=\"wpsm_team_1_social_div\">\r\n\t\t\t\t\t\t\t\t\t\t\t\t\t\t\t\t\t\t\t\t\t\t\t\t\t\t\t\t\t\t\t\t\t\t\t\t\t\t\t\t\t\t\t\t<\/div>\r\n\t\t\t\t\t\t\t<\/div>\r\n\t\t\t\t\t\t<\/div>\r\n\t\t\t\t\t<\/div>\r\n\t\t\t\t\t\t\t\t\t\t\t\t\t \r\n\t\t\t\t\t<div class=\"wpsm_col-md-6 wpsm_col-sm-6 wpsm-col-div wpsm_single_team\">\r\n\t\t\t\t\t\t<div class=\"wpsm_team_1_member_wrapper\">\r\n\t\t\t\t\t\t\t<img decoding=\"async\" class=\"img-responsive wpsm_team_1_mem_img\" src=\"https:\/\/www.dvgbund.de\/wp-content\/uploads\/2019\/05\/User_Platzhalter_DVG_LSA-300x300_web_2025-01-12.jpg\" alt=\"N.N.\">\r\n\t\t\t\t\t\t\t<div class=\"wpsm_team_1_member_wrapper_inner\">\r\n\t\t\t\t\t\t\t\t<h3>\r\n\t\t\t\t\t\t\t\t\tN.N.\t\t\t\t\t\t\t\t\t<div class=\"wpsm_team_1_name_divider\"><\/div>\r\n\t\t\t\t\t\t\t\t<\/h3>\r\n\t\t\t\t\t\t\t\t<span class=\"wpsm_team_1_b_desig\"> Keine eigenst\u00e4ndige Jugendorganisation, ohne Stimmrecht <\/span> \t\t\t\t\t\t\t\t<p class=\"wpsm_team_1_b_desc\"> DVG Mecklenburg-Vorpommern<br \/>\r\n<br \/>\r\n<p style='text-align: left;'>\r\n<i class='wp-svg-phone phone'><\/i> 0155-63564215<br \/>\r\n\r\n<i class='wp-svg-envelop envelop'><\/i> <a href='mailto:christian.hinzmann@dvgmv.de'>christian.hinzmann@dvgmv.de<\/a><br \/>\r\n<i class='wp-svg-globe globe'><\/i> <a href='http:\/\/www.dvgmv.de' target='_blank'>www.dvgmv.de<\/a><br \/>\r\n<\/p>\r\n<\/p> <\/p> \t\t\t\t\t\t\t\t<div class=\"wpsm_team_1_social_div\">\r\n\t\t\t\t\t\t\t\t\t\t\t\t\t\t\t\t\t\t\t\t\t\t\t\t\t\t\t\t\t\t\t\t\t\t\t\t\t\t\t\t\t\t\t\t<\/div>\r\n\t\t\t\t\t\t\t<\/div>\r\n\t\t\t\t\t\t<\/div>\r\n\t\t\t\t\t<\/div>\r\n\t\t\t\t\t\t\t\t\t\t\t<\/div>\r\n\t\t\t\t\t\t<div class=\"wpsm_row\">\r\n\t\t\t\t\t\t\t\t\t\t\t\t\t\t \r\n\t\t\t\t\t<div class=\"wpsm_col-md-6 wpsm_col-sm-6 wpsm-col-div wpsm_single_team\">\r\n\t\t\t\t\t\t<div class=\"wpsm_team_1_member_wrapper\">\r\n\t\t\t\t\t\t\t<img decoding=\"async\" class=\"img-responsive wpsm_team_1_mem_img\" src=\"https:\/\/www.dvgbund.de\/wp-content\/uploads\/2019\/05\/User_Platzhalter_DVG_LSA-300x300_web_2025-01-12.jpg\" alt=\"Klaas Engelking\">\r\n\t\t\t\t\t\t\t<div class=\"wpsm_team_1_member_wrapper_inner\">\r\n\t\t\t\t\t\t\t\t<h3>\r\n\t\t\t\t\t\t\t\t\tKlaas Engelking\t\t\t\t\t\t\t\t\t<div class=\"wpsm_team_1_name_divider\"><\/div>\r\n\t\t\t\t\t\t\t\t<\/h3>\r\n\t\t\t\t\t\t\t\t<span class=\"wpsm_team_1_b_desig\"> Landesjugendleiter <\/span> \t\t\t\t\t\t\t\t<p class=\"wpsm_team_1_b_desc\"> Deutsche Verwaltungs-Gewerkschaft Niedersachsen (DVG Niedersachsen)<br \/>\r\nRaffaelstra\u00dfe 4, 30177 Hannover<br \/>\r\n<p style='text-align: left;'>\r\n<i class='wp-svg-phone phone'><\/i> 0511\/3068001<br \/>\r\n<i class='wp-svg-drawer-2 drawer-2'><\/i> 0511\/3068002<br \/>\r\n<i class='wp-svg-envelop envelop'><\/i> <a href='mailto:dvg-niedersachsen@htp-tel.de'>dvg-niedersachsen@htp-tel.de<\/a><br \/>\r\n<i class='wp-svg-globe globe'><\/i> <a href='http:\/\/www.niedersachsen-dvg.de' target='_blank'>www.niedersachsen-dvg.de<\/a><br \/>\r\n<\/p> <\/p> \t\t\t\t\t\t\t\t<div class=\"wpsm_team_1_social_div\">\r\n\t\t\t\t\t\t\t\t\t\t\t\t\t\t\t\t\t\t\t\t\t\t\t\t\t\t\t\t\t\t\t\t\t\t\t\t\t\t\t\t\t\t\t\t<\/div>\r\n\t\t\t\t\t\t\t<\/div>\r\n\t\t\t\t\t\t<\/div>\r\n\t\t\t\t\t<\/div>\r\n\t\t\t\t\t\t\t\t\t\t\t\t\t \r\n\t\t\t\t\t<div class=\"wpsm_col-md-6 wpsm_col-sm-6 wpsm-col-div wpsm_single_team\">\r\n\t\t\t\t\t\t<div class=\"wpsm_team_1_member_wrapper\">\r\n\t\t\t\t\t\t\t<img decoding=\"async\" class=\"img-responsive wpsm_team_1_mem_img\" src=\"https:\/\/www.dvgbund.de\/wp-content\/uploads\/2019\/05\/User_Platzhalter_DVG_LSA-300x300_web_2025-01-12.jpg\" alt=\"Stephan Gernert\">\r\n\t\t\t\t\t\t\t<div class=\"wpsm_team_1_member_wrapper_inner\">\r\n\t\t\t\t\t\t\t\t<h3>\r\n\t\t\t\t\t\t\t\t\tStephan Gernert\t\t\t\t\t\t\t\t\t<div class=\"wpsm_team_1_name_divider\"><\/div>\r\n\t\t\t\t\t\t\t\t<\/h3>\r\n\t\t\t\t\t\t\t\t<span class=\"wpsm_team_1_b_desig\"> Landesjugendleiter <\/span> \t\t\t\t\t\t\t\t<p class=\"wpsm_team_1_b_desc\"> Deutsche Verwaltungs-Gewerkschaft Rheinland-Pfalz (DVG Rheinland-Pfalz)<br \/>\r\nPestalozzistr. 37, 67435 Neustadt\/W<br \/>\r\n<p style='text-align: left;'>\r\n<i class='wp-svg-phone phone'><\/i> 06327\/3526<br \/>\r\n<i class='wp-svg-drawer-2 drawer-2'><\/i> 06327\/976763<br \/>\r\n<i class='wp-svg-envelop envelop'><\/i> <a href='mailto:gernert@dvg-rlp.info'>gernert@dvg-rlp.info<\/a><br \/>\r\n<i class='wp-svg-globe globe'><\/i> <a href='http:\/\/www.dvg-rlp.info' target='_blank'>www.dvg-rlp.info<\/a><br \/>\r\n<\/p> <\/p> \t\t\t\t\t\t\t\t<div class=\"wpsm_team_1_social_div\">\r\n\t\t\t\t\t\t\t\t\t\t\t\t\t\t\t\t\t\t\t\t\t\t\t\t\t\t\t\t\t\t\t\t\t\t\t\t\t\t\t\t\t\t\t\t<\/div>\r\n\t\t\t\t\t\t\t<\/div>\r\n\t\t\t\t\t\t<\/div>\r\n\t\t\t\t\t<\/div>\r\n\t\t\t\t\t\t\t\t\t\t\t<\/div>\r\n\t\t\t\t\t\t<div class=\"wpsm_row\">\r\n\t\t\t\t\t\t\t\t\t\t\t\t\t\t \r\n\t\t\t\t\t<div class=\"wpsm_col-md-6 wpsm_col-sm-6 wpsm-col-div wpsm_single_team\">\r\n\t\t\t\t\t\t<div class=\"wpsm_team_1_member_wrapper\">\r\n\t\t\t\t\t\t\t<img decoding=\"async\" class=\"img-responsive wpsm_team_1_mem_img\" src=\"https:\/\/www.dvgbund.de\/wp-content\/uploads\/2019\/05\/User_Platzhalter_DVG_LSA-300x300_web_2025-01-12.jpg\" alt=\"Vivien Rupp\">\r\n\t\t\t\t\t\t\t<div class=\"wpsm_team_1_member_wrapper_inner\">\r\n\t\t\t\t\t\t\t\t<h3>\r\n\t\t\t\t\t\t\t\t\tVivien Rupp\t\t\t\t\t\t\t\t\t<div class=\"wpsm_team_1_name_divider\"><\/div>\r\n\t\t\t\t\t\t\t\t<\/h3>\r\n\t\t\t\t\t\t\t\t<span class=\"wpsm_team_1_b_desig\"> Landesjugendleiterin <\/span> \t\t\t\t\t\t\t\t<p class=\"wpsm_team_1_b_desc\"> Deutscher Verwaltungs-Gewerkschaft Saar (DVG Saar)<br \/>\r\nKirchenstra\u00dfe 33, 66578 Schiffweiler<br \/>\r\n<p style='text-align: left;'>\r\n<i class='wp-svg-phone phone'><\/i> 0681-501-2090<br \/>\r\n<i class='wp-svg-drawer-2 drawer-2'><\/i> 0<br \/>\r\n<i class='wp-svg-envelop envelop'><\/i> <a href='mailto:jugend@dvgsaar.de'>jugend@dvgsaar.de<\/a><br \/>\r\n<i class='wp-svg-globe globe'><\/i> <a href='http:\/\/www.dvg-saar.de' target='_blank'>www.dvgsaar.de<\/a><br \/>\r\n<\/p> <\/p> \t\t\t\t\t\t\t\t<div class=\"wpsm_team_1_social_div\">\r\n\t\t\t\t\t\t\t\t\t\t\t\t\t\t\t\t\t\t\t\t\t\t\t\t\t\t\t\t\t\t\t\t\t\t\t\t\t\t\t\t\t\t\t\t<\/div>\r\n\t\t\t\t\t\t\t<\/div>\r\n\t\t\t\t\t\t<\/div>\r\n\t\t\t\t\t<\/div>\r\n\t\t\t\t\t\t\t\t\t\t\t\t\t \r\n\t\t\t\t\t<div class=\"wpsm_col-md-6 wpsm_col-sm-6 wpsm-col-div wpsm_single_team\">\r\n\t\t\t\t\t\t<div class=\"wpsm_team_1_member_wrapper\">\r\n\t\t\t\t\t\t\t<img decoding=\"async\" class=\"img-responsive wpsm_team_1_mem_img\" src=\"https:\/\/www.dvgbund.de\/wp-content\/uploads\/2019\/05\/User_Platzhalter_DVG_LSA-300x300_web_2025-01-12.jpg\" alt=\"Leon Luca R\u00fchle\">\r\n\t\t\t\t\t\t\t<div class=\"wpsm_team_1_member_wrapper_inner\">\r\n\t\t\t\t\t\t\t\t<h3>\r\n\t\t\t\t\t\t\t\t\tLeon Luca R\u00fchle\t\t\t\t\t\t\t\t\t<div class=\"wpsm_team_1_name_divider\"><\/div>\r\n\t\t\t\t\t\t\t\t<\/h3>\r\n\t\t\t\t\t\t\t\t<span class=\"wpsm_team_1_b_desig\"> Landesjugendleiter <\/span> \t\t\t\t\t\t\t\t<p class=\"wpsm_team_1_b_desc\"> Deutsche Verwaltungs-Gewerkschaft Sachsen (DVG Sachsen)<br \/>\r\nSaasstra\u00dfe 7, 04155 Leipzig<br \/>\r\n<p style='text-align: left;'>\r\n<i class='wp-svg-phone phone'><\/i> 0341\/918 837 80<br \/>\r\n<i class='wp-svg-drawer-2 drawer-2'><\/i> 0<br \/>\r\n<i class='wp-svg-envelop envelop'><\/i> <a href='mailto:leon.ruehle@dvgsachsen.de'>leon.ruehle@dvgsachsen.de<\/a><br \/>\r\n<i class='wp-svg-globe globe'><\/i> <a href='http:\/\/www.dvg-saar.de' target='_blank'>www.dvgsachsen.de<\/a><br \/>\r\n<\/p> <\/p> \t\t\t\t\t\t\t\t<div class=\"wpsm_team_1_social_div\">\r\n\t\t\t\t\t\t\t\t\t\t\t\t\t\t\t\t\t\t\t\t\t\t\t\t\t\t\t\t\t\t\t\t\t\t\t\t\t\t\t\t\t\t\t\t<\/div>\r\n\t\t\t\t\t\t\t<\/div>\r\n\t\t\t\t\t\t<\/div>\r\n\t\t\t\t\t<\/div>\r\n\t\t\t\t\t\t\t\t\t\t\t<\/div>\r\n\t\t\t\t\t\t<div class=\"wpsm_row\">\r\n\t\t\t\t\t\t\t\t\t\t\t\t\t\t \r\n\t\t\t\t\t<div class=\"wpsm_col-md-6 wpsm_col-sm-6 wpsm-col-div wpsm_single_team\">\r\n\t\t\t\t\t\t<div class=\"wpsm_team_1_member_wrapper\">\r\n\t\t\t\t\t\t\t<img decoding=\"async\" class=\"img-responsive wpsm_team_1_mem_img\" src=\"https:\/\/www.dvgbund.de\/wp-content\/uploads\/2019\/05\/User_Platzhalter_DVG_LSA-300x300_web_2025-01-12.jpg\" alt=\"Christian Heyroth\">\r\n\t\t\t\t\t\t\t<div class=\"wpsm_team_1_member_wrapper_inner\">\r\n\t\t\t\t\t\t\t\t<h3>\r\n\t\t\t\t\t\t\t\t\tChristian Heyroth\t\t\t\t\t\t\t\t\t<div class=\"wpsm_team_1_name_divider\"><\/div>\r\n\t\t\t\t\t\t\t\t<\/h3>\r\n\t\t\t\t\t\t\t\t<span class=\"wpsm_team_1_b_desig\"> Landesjugendleiter <\/span> \t\t\t\t\t\t\t\t<p class=\"wpsm_team_1_b_desc\"> Deutsche Verwaltungs-Gewerkschaft Sachsen-Anhalt (DVG Sachsen-Anhalt)<br \/>\r\nH\u00e4ndelstr. 38, 06114 Halle (Saale)<br \/>\r\n<p style='text-align: left;'>\r\n<i class='wp-svg-phone phone'><\/i> R\u00fcckruf per E-Mail anfordern<br \/>\r\n<i class='wp-svg-drawer-2 drawer-2'><\/i> 0345\/5754681<br \/>\r\n<i class='wp-svg-envelop envelop'><\/i> <a href='mailto:christian.heyroth@lsa.dvg-jugend.de '>christian.heyroth@lsa.dvg-jugend.de <\/a><br \/>\r\n<i class='wp-svg-globe globe'><\/i> <a href='http:\/\/www.dvg-lsa.de' target='_blank'>www.dvg-lsa.de<\/a><br \/>\r\n<\/p> <\/p> \t\t\t\t\t\t\t\t<div class=\"wpsm_team_1_social_div\">\r\n\t\t\t\t\t\t\t\t\t\t\t\t\t\t\t\t\t\t\t\t\t\t\t\t\t\t\t\t\t\t\t\t\t\t\t\t\t\t\t\t\t\t\t\t<\/div>\r\n\t\t\t\t\t\t\t<\/div>\r\n\t\t\t\t\t\t<\/div>\r\n\t\t\t\t\t<\/div>\r\n\t\t\t\t\t\t\t\t\t\t\t\t\t \r\n\t\t\t\t\t<div class=\"wpsm_col-md-6 wpsm_col-sm-6 wpsm-col-div wpsm_single_team\">\r\n\t\t\t\t\t\t<div class=\"wpsm_team_1_member_wrapper\">\r\n\t\t\t\t\t\t\t<img decoding=\"async\" class=\"img-responsive wpsm_team_1_mem_img\" src=\"https:\/\/www.dvgbund.de\/wp-content\/uploads\/2019\/05\/User_Platzhalter_DVG_LSA-300x300_web_2025-01-12.jpg\" alt=\"N.N.\">\r\n\t\t\t\t\t\t\t<div class=\"wpsm_team_1_member_wrapper_inner\">\r\n\t\t\t\t\t\t\t\t<h3>\r\n\t\t\t\t\t\t\t\t\tN.N.\t\t\t\t\t\t\t\t\t<div class=\"wpsm_team_1_name_divider\"><\/div>\r\n\t\t\t\t\t\t\t\t<\/h3>\r\n\t\t\t\t\t\t\t\t<span class=\"wpsm_team_1_b_desig\"> Keine eigenst\u00e4ndige Jugendorganisation ohne Stimmrecht <\/span> \t\t\t\t\t\t\t\t<p class=\"wpsm_team_1_b_desc\"> DVG Schleswig-Holstein<br \/>\r\nMuhliusstr. 65, 24103 Kiel<br \/>\r\n<p style='text-align: left;'>\r\n<i class='wp-svg-phone phone'><\/i> 0431\/675081<br \/>\r\n<i class='wp-svg-drawer-2 drawer-2'><\/i> 0431\/675084<br \/>\r\n<i class='wp-svg-envelop envelop'><\/i> <a href='mailto:vorstand@dvg.sh'>vorstand@dvg.sh<\/a><br \/>\r\n<i class='wp-svg-globe globe'><\/i> <a href='http:\/\/www.dvg.sh' target='_blank'>www.dvg.sh<\/a><br \/>\r\n<\/p> <\/p> \t\t\t\t\t\t\t\t<div class=\"wpsm_team_1_social_div\">\r\n\t\t\t\t\t\t\t\t\t\t\t\t\t\t\t\t\t\t\t\t\t\t\t\t\t\t\t\t\t\t\t\t\t\t\t\t\t\t\t\t\t\t\t\t<\/div>\r\n\t\t\t\t\t\t\t<\/div>\r\n\t\t\t\t\t\t<\/div>\r\n\t\t\t\t\t<\/div>\r\n\t\t\t\t\t\t\t\t\t\t\t<\/div>\r\n\t\t\t\t\t\t<div class=\"wpsm_row\">\r\n\t\t\t\t\t\t\t\t\t\t\t\t\t\r\n\t\t<\/div>\r\n\t<\/div>\n","protected":false},"excerpt":{"rendered":"<p>Der Bundesjugendausschuss besteht aus den Landesjungendleitern der dvg-Mitgliedsgewerkschaften und tagt zweimal j\u00e4hrlich im ganzen Bundesgebiet. Inhaltlich setzt der Bundesjugendausschuss die Beschl\u00fcsse des Bundesjugendtages um und bereit eigenst\u00e4ndige Aktionen vor. Die Bundesjugendausschuss der dvg-JUGEND (Bund) in der aktuellen Zusammensetzung: Foto: dvg-JUGEND Bund<\/p>\n","protected":false},"author":1,"featured_media":0,"parent":888,"menu_order":0,"comment_status":"closed","ping_status":"closed","template":"","meta":{"_mi_skip_tracking":false,"_monsterinsights_sitenote_active":false,"_monsterinsights_sitenote_note":"","_monsterinsights_sitenote_category":0,"footnotes":""},"class_list":["post-891","page","type-page","status-publish","hentry"],"aioseo_notices":[],"_links":{"self":[{"href":"https:\/\/www.dvgbund.de\/index.php?rest_route=\/wp\/v2\/pages\/891","targetHints":{"allow":["GET"]}}],"collection":[{"href":"https:\/\/www.dvgbund.de\/index.php?rest_route=\/wp\/v2\/pages"}],"about":[{"href":"https:\/\/www.dvgbund.de\/index.php?rest_route=\/wp\/v2\/types\/page"}],"author":[{"embeddable":true,"href":"https:\/\/www.dvgbund.de\/index.php?rest_route=\/wp\/v2\/users\/1"}],"replies":[{"embeddable":true,"href":"https:\/\/www.dvgbund.de\/index.php?rest_route=%2Fwp%2Fv2%2Fcomments&post=891"}],"version-history":[{"count":11,"href":"https:\/\/www.dvgbund.de\/index.php?rest_route=\/wp\/v2\/pages\/891\/revisions"}],"predecessor-version":[{"id":2376,"href":"https:\/\/www.dvgbund.de\/index.php?rest_route=\/wp\/v2\/pages\/891\/revisions\/2376"}],"up":[{"embeddable":true,"href":"https:\/\/www.dvgbund.de\/index.php?rest_route=\/wp\/v2\/pages\/888"}],"wp:attachment":[{"href":"https:\/\/www.dvgbund.de\/index.php?rest_route=%2Fwp%2Fv2%2Fmedia&parent=891"}],"curies":[{"name":"wp","href":"https:\/\/api.w.org\/{rel}","templated":true}]}}