{"id":98,"date":"2019-03-31T20:39:41","date_gmt":"2019-03-31T20:39:41","guid":{"rendered":"https:\/\/cms.dvg-lsa.de\/?page_id=98"},"modified":"2020-02-26T22:39:25","modified_gmt":"2020-02-26T22:39:25","slug":"landesleitung","status":"publish","type":"page","link":"https:\/\/www.dvgbund.de\/?page_id=98","title":{"rendered":"Bundesvorstand"},"content":{"rendered":"\n<p>Der Bundesvorstand besteht aus der oder dem Bundesvorsitzenden und drei stellvertretenden Bundesvorsitzenden. Einer der stellvertretenden Vorsitzenden ist die\/der Vorsitzende der DVG-Tarifkommission.<br>Die finanziellen Angelegenheiten der DVG werden von einer \/ einem stellvertretenden Vorsitzenden wahrgenommen. <br>Sollte dem Bundesvorstand keine Frau angeh\u00f6ren, entsendet die Bundesfrauenvertretung eine Vertreterin in den Bundesvorstand als beratendes Mitglied. <\/p>\n\n\n\n<p>Der Bundesvorstand vollzieht die Beschl\u00fcsse der \u00fcbrigen Organe und f\u00fchrt die Gesch\u00e4fte. Er hat alle Aufgaben wahrzunehmen, f\u00fcr die nicht der Bundesgewerkschaftstag oder der Bundeshauptvorstand zust\u00e4ndig sind.  Der Bundesvorstand kann die Erledigung bestimmter Aufgaben auf nicht dem  Bundesvorstand angeh\u00f6rende Mitglieder \u00fcbertragen. Die Vorstandsmitglieder nehmen entsprechend der internen Gesch\u00e4ftsverteilung  verantwortlich Aufgaben im Vorstand wahr. Der Bundesvorstand gibt sich eine Gesch\u00e4ftsordnung, die dem Bundeshauptvorstand zur Kenntnis zu geben ist. <\/p>\n\n\n\n<hr class=\"wp-block-separator\"\/>\n\n\n\n<h2 class=\"wp-block-heading\">Mitglieder des Bundesvorstandes<\/h2>\n\n\n\t<!-- wpshopmart team builder wrapper -->\r\n\t<div class=\"wpsm_team_1_b_row\" id=\"wpsm_team_1_b_row_101\">\r\n\t\t<div class=\"wpsm_row\">  \r\n\t\t\t<style>\r\n\t\t\t#wpsm_team_1_b_row_101 .wpsm_team_1_member_wrapper_inner h3{\r\n\t\t\t\tcolor:#000000 !important;\r\n\t\t\t\tfont-size:18px !important;\r\n\t\t\t\t\t\t\t\t  font-family:'Open Sans';\r\n\t\t\t\t\t\t\t\t\r\n\t\t\t}\r\n\t\t\t#wpsm_team_1_b_row_101 .wpsm_team_1_name_divider{\r\n\t\t\t\tbackground-color:#000000 !important;\r\n\t\t\t}\r\n\t\t\t#wpsm_team_1_b_row_101 .wpsm_team_1_b_desig{\r\n\t\t\t\tcolor:#000000 !important;\r\n\t\t\t\tfont-size:14px !important;\r\n\t\t\t\t\t\t\t\t   font-family:'Open Sans';\r\n\t\t\t\t\t\t\t}\r\n\t\t\t#wpsm_team_1_b_row_101 .wpsm_team_1_b_desc{\r\n\t\t\t\tcolor:#000000 !important;\r\n\t\t\t\tfont-size:14px !important;\r\n\t\t\t\t\t\t\t\t   font-family:'Open Sans';\r\n\t\t\t\t\t\t\t}\r\n\t\t\t#wpsm_team_1_b_row_101  p{\r\n\t\t\t\tcolor:#000000 !important;\r\n\t\t\t\tfont-size:14px !important;\r\n\t\t\t    \t\t\t\t   font-family:'Open Sans';\r\n\t\t\t\t\t\t\t\t\r\n\t\t\t}\r\n\t\t\t\r\n\t\t\t#wpsm_team_1_b_row_101 .wpsm_team_1_social_div a i{\r\n\t\t\t\tcolor:#4f4f4f !important;\r\n\t\t\t\tbackground:#e5e5e5 !important;\r\n\t\t\t}\r\n\t\t\t\t\t\t\r\n\t\t\t<\/style>\r\n\t\t\t\t\t\t \r\n\t\t\t\t\t<div class=\"wpsm_col-md-4 wpsm_col-sm-6 wpsm-col-div wpsm_single_team\">\r\n\t\t\t\t\t\t<div class=\"wpsm_team_1_member_wrapper\">\r\n\t\t\t\t\t\t\t<img decoding=\"async\" class=\"img-responsive wpsm_team_1_mem_img\" src=\"https:\/\/www.dvgbund.de\/wp-content\/uploads\/2019\/03\/Joachim-Johannes_-2021_web_2025-05-10-1.jpg\" alt=\"Joachim Johannes\">\r\n\t\t\t\t\t\t\t<div class=\"wpsm_team_1_member_wrapper_inner\">\r\n\t\t\t\t\t\t\t\t<h3>\r\n\t\t\t\t\t\t\t\t\tJoachim Johannes\t\t\t\t\t\t\t\t\t<div class=\"wpsm_team_1_name_divider\"><\/div>\r\n\t\t\t\t\t\t\t\t<\/h3>\r\n\t\t\t\t\t\t\t\t<span class=\"wpsm_team_1_b_desig\"> Bundesvorsitzender <\/span> \t\t\t\t\t\t\t\t<p class=\"wpsm_team_1_b_desc\"> Deutsche Verwaltungs-Gewerkschaft Bund<br \/>\r\nH\u00e4ndelstr. 38, 06114 Halle (Saale) <br \/>\r\n<p style='text-align: left;'>\r\n<i class='wp-svg-phone phone'><\/i> R\u00fcckruf per E-Mail anfordern<br \/>\r\n<i class='wp-svg-drawer-2 drawer-2'><\/i> 0345\/5754681<br \/>\r\n<i class='wp-svg-envelop envelop'><\/i> <a href='mailto:joachim.johannes@dvgbund.de'>joachim.johannes@dvgbund.de<\/a><br \/>\r\n\r\n<\/p> <\/p> \t\t\t\t\t\t\t\t<div class=\"wpsm_team_1_social_div\">\r\n\t\t\t\t\t\t\t\t\t\t\t\t\t\t\t\t\t\t\t\t\t\t\t\t\t\t\t\t\t\t\t\t\t\t\t\t\t\t\t\t\t\t\t\t<\/div>\r\n\t\t\t\t\t\t\t<\/div>\r\n\t\t\t\t\t\t<\/div>\r\n\t\t\t\t\t<\/div>\r\n\t\t\t\t\t\t\t\t\t\t\t\t\t \r\n\t\t\t\t\t<div class=\"wpsm_col-md-4 wpsm_col-sm-6 wpsm-col-div wpsm_single_team\">\r\n\t\t\t\t\t\t<div class=\"wpsm_team_1_member_wrapper\">\r\n\t\t\t\t\t\t\t<img decoding=\"async\" class=\"img-responsive wpsm_team_1_mem_img\" src=\"https:\/\/www.dvgbund.de\/wp-content\/uploads\/2019\/03\/Greve-Susanne-2023_web_2025-05-10.jpg\" alt=\"Susanne Greve\">\r\n\t\t\t\t\t\t\t<div class=\"wpsm_team_1_member_wrapper_inner\">\r\n\t\t\t\t\t\t\t\t<h3>\r\n\t\t\t\t\t\t\t\t\tSusanne Greve\t\t\t\t\t\t\t\t\t<div class=\"wpsm_team_1_name_divider\"><\/div>\r\n\t\t\t\t\t\t\t\t<\/h3>\r\n\t\t\t\t\t\t\t\t<span class=\"wpsm_team_1_b_desig\"> stellv. Bundesvorsitzende <\/span> \t\t\t\t\t\t\t\t<p class=\"wpsm_team_1_b_desc\"> Deutsche Verwaltungs-Gewerkschaft Bund<br \/>\r\nH\u00e4ndelstr. 38, 06114 Halle (Saale) <br \/>\r\n<p style='text-align: left;'>\r\n<i class='wp-svg-phone phone'><\/i> R\u00fcckruf per E-Mail anfordern<br \/>\r\n<i class='wp-svg-drawer-2 drawer-2'><\/i> 0345\/5754681<br \/>\r\n<i class='wp-svg-envelop envelop'><\/i> <a href='mailto:susanne.greve@dvgbund.de'>susanne.greve@dvgbund.de<\/a><br \/>\r\n\r\n<\/p> <\/p> \t\t\t\t\t\t\t\t<div class=\"wpsm_team_1_social_div\">\r\n\t\t\t\t\t\t\t\t\t\t\t\t\t\t\t\t\t\t\t\t\t\t\t\t\t\t\t\t\t\t\t\t\t\t\t\t\t\t\t\t\t\t\t\t<\/div>\r\n\t\t\t\t\t\t\t<\/div>\r\n\t\t\t\t\t\t<\/div>\r\n\t\t\t\t\t<\/div>\r\n\t\t\t\t\t\t\t\t\t\t\t\t\t \r\n\t\t\t\t\t<div class=\"wpsm_col-md-4 wpsm_col-sm-6 wpsm-col-div wpsm_single_team\">\r\n\t\t\t\t\t\t<div class=\"wpsm_team_1_member_wrapper\">\r\n\t\t\t\t\t\t\t<img decoding=\"async\" class=\"img-responsive wpsm_team_1_mem_img\" src=\"https:\/\/www.dvgbund.de\/wp-content\/uploads\/2019\/03\/Maucher-Alfred_2021_web_2025-05-10.jpg\" alt=\"Alfred Maucher\">\r\n\t\t\t\t\t\t\t<div class=\"wpsm_team_1_member_wrapper_inner\">\r\n\t\t\t\t\t\t\t\t<h3>\r\n\t\t\t\t\t\t\t\t\tAlfred Maucher\t\t\t\t\t\t\t\t\t<div class=\"wpsm_team_1_name_divider\"><\/div>\r\n\t\t\t\t\t\t\t\t<\/h3>\r\n\t\t\t\t\t\t\t\t<span class=\"wpsm_team_1_b_desig\"> stellv. Bundesvorsitzender <\/span> \t\t\t\t\t\t\t\t<p class=\"wpsm_team_1_b_desc\"> Deutsche Verwaltungs-Gewerkschaft Bund<br \/>\r\nH\u00e4ndelstr. 38, 06114 Halle (Saale) <br \/>\r\n<p style='text-align: left;'>\r\n<i class='wp-svg-phone phone'><\/i> R\u00fcckruf per E-Mail anfordern<br \/>\r\n<i class='wp-svg-drawer-2 drawer-2'><\/i> 0345\/5754681<br \/>\r\n<i class='wp-svg-envelop envelop'><\/i> <a href='mailto:alfred.maucher@dvgbund.de'>alfred.maucher@dvgbund.de<\/a><br \/>\r\n\r\n<\/p> <\/p> \t\t\t\t\t\t\t\t<div class=\"wpsm_team_1_social_div\">\r\n\t\t\t\t\t\t\t\t\t\t\t\t\t\t\t\t\t\t\t\t\t\t\t\t\t\t\t\t\t\t\t\t\t\t\t\t\t\t\t\t\t\t\t\t<\/div>\r\n\t\t\t\t\t\t\t<\/div>\r\n\t\t\t\t\t\t<\/div>\r\n\t\t\t\t\t<\/div>\r\n\t\t\t\t\t\t\t\t\t\t\t<\/div>\r\n\t\t\t\t\t\t<div class=\"wpsm_row\">\r\n\t\t\t\t\t\t\t\t\t\t\t\t\t\t \r\n\t\t\t\t\t<div class=\"wpsm_col-md-4 wpsm_col-sm-6 wpsm-col-div wpsm_single_team\">\r\n\t\t\t\t\t\t<div class=\"wpsm_team_1_member_wrapper\">\r\n\t\t\t\t\t\t\t<img decoding=\"async\" class=\"img-responsive wpsm_team_1_mem_img\" src=\"https:\/\/www.dvgbund.de\/wp-content\/uploads\/_pda\/2019\/03\/Rodi_Stefan-2026-04-20-bearbeitet-dvgbund.de_.jpg\" alt=\"Stefan Rodi\">\r\n\t\t\t\t\t\t\t<div class=\"wpsm_team_1_member_wrapper_inner\">\r\n\t\t\t\t\t\t\t\t<h3>\r\n\t\t\t\t\t\t\t\t\tStefan Rodi\t\t\t\t\t\t\t\t\t<div class=\"wpsm_team_1_name_divider\"><\/div>\r\n\t\t\t\t\t\t\t\t<\/h3>\r\n\t\t\t\t\t\t\t\t<span class=\"wpsm_team_1_b_desig\"> Vorsitzender Bundestarifkommission, stellv. Bundesvorsitzender <\/span> \t\t\t\t\t\t\t\t<p class=\"wpsm_team_1_b_desc\"> Deutsche Verwaltungs-Gewerkschaft Bund<br \/>\r\nH\u00e4ndelstr. 38, 06114 Halle (Saale) <br \/>\r\n<p style='text-align: left;'>\r\n<i class='wp-svg-phone phone'><\/i> R\u00fcckruf per E-Mail anfordern<br \/>\r\n<i class='wp-svg-drawer-2 drawer-2'><\/i> 0345\/5754681<br \/>\r\n<i class='wp-svg-envelop envelop'><\/i> <a href='mailto:stefan.rodi@dvgbund.de'>stefan.rodi@dvgbund.de<\/a><br \/>\r\n\r\n<\/p> <\/p> \t\t\t\t\t\t\t\t<div class=\"wpsm_team_1_social_div\">\r\n\t\t\t\t\t\t\t\t\t\t\t\t\t\t\t\t\t\t\t\t\t\t\t\t\t\t\t\t\t\t\t\t\t\t\t\t\t\t\t\t\t\t\t\t<\/div>\r\n\t\t\t\t\t\t\t<\/div>\r\n\t\t\t\t\t\t<\/div>\r\n\t\t\t\t\t<\/div>\r\n\t\t\t\t\t\t\t\t\t\t\t\t\t \r\n\t\t\t\t\t<div class=\"wpsm_col-md-4 wpsm_col-sm-6 wpsm-col-div wpsm_single_team\">\r\n\t\t\t\t\t\t<div class=\"wpsm_team_1_member_wrapper\">\r\n\t\t\t\t\t\t\t<img decoding=\"async\" class=\"img-responsive wpsm_team_1_mem_img\" src=\"https:\/\/www.dvgbund.de\/wp-content\/uploads\/2019\/03\/Loewe-Thomas_2021_web_2025-05-10.jpg\" alt=\"Thomas L\u00f6we\">\r\n\t\t\t\t\t\t\t<div class=\"wpsm_team_1_member_wrapper_inner\">\r\n\t\t\t\t\t\t\t\t<h3>\r\n\t\t\t\t\t\t\t\t\tThomas L\u00f6we\t\t\t\t\t\t\t\t\t<div class=\"wpsm_team_1_name_divider\"><\/div>\r\n\t\t\t\t\t\t\t\t<\/h3>\r\n\t\t\t\t\t\t\t\t<span class=\"wpsm_team_1_b_desig\"> Bundesgesch\u00e4ftsf\u00fchrer <\/span> \t\t\t\t\t\t\t\t<p class=\"wpsm_team_1_b_desc\"> Deutsche Verwaltungs-Gewerkschaft Bund<br \/>\r\nH\u00e4ndelstr. 38, 06114 Halle (Saale) <br \/>\r\n<p style='text-align: left;'>\r\n<i class='wp-svg-phone phone'><\/i> R\u00fcckruf per E-Mail anfordern<br \/>\r\n<i class='wp-svg-drawer-2 drawer-2'><\/i> 0345\/5754681<br \/>\r\n<i class='wp-svg-envelop envelop'><\/i> <a href='mailto:bgst@dvgbund.de'>bgst@dvgbund.de<\/a><br \/>\r\n\r\n<\/p> <\/p> \t\t\t\t\t\t\t\t<div class=\"wpsm_team_1_social_div\">\r\n\t\t\t\t\t\t\t\t\t\t\t\t\t\t\t\t\t\t\t\t\t\t\t\t\t\t\t\t\t\t\t\t\t\t\t\t\t\t\t\t\t\t\t\t<\/div>\r\n\t\t\t\t\t\t\t<\/div>\r\n\t\t\t\t\t\t<\/div>\r\n\t\t\t\t\t<\/div>\r\n\t\t\t\t\t\t\t\t\t\t\t\t\r\n\t\t<\/div>\r\n\t<\/div>\n\n\n\n<p><\/p>\n","protected":false},"excerpt":{"rendered":"<p>Der Bundesvorstand besteht aus der oder dem Bundesvorsitzenden und drei stellvertretenden Bundesvorsitzenden. Einer der stellvertretenden Vorsitzenden ist die\/der Vorsitzende der DVG-Tarifkommission.Die finanziellen Angelegenheiten der DVG werden von einer \/ einem stellvertretenden Vorsitzenden wahrgenommen. Sollte dem Bundesvorstand keine Frau angeh\u00f6ren, entsendet die Bundesfrauenvertretung eine Vertreterin in den Bundesvorstand als beratendes Mitglied. Der Bundesvorstand vollzieht die Beschl\u00fcsse &#8230; <a title=\"Bundesvorstand\" class=\"read-more\" href=\"https:\/\/www.dvgbund.de\/?p=101\" aria-label=\"Mehr Informationen \u00fcber Bundesvorstand\">Weiterlesen<\/a><\/p>\n","protected":false},"author":1,"featured_media":0,"parent":94,"menu_order":0,"comment_status":"closed","ping_status":"closed","template":"","meta":{"_mi_skip_tracking":false,"_monsterinsights_sitenote_active":false,"_monsterinsights_sitenote_note":"","_monsterinsights_sitenote_category":0,"footnotes":""},"class_list":["post-98","page","type-page","status-publish","hentry"],"aioseo_notices":[],"_links":{"self":[{"href":"https:\/\/www.dvgbund.de\/index.php?rest_route=\/wp\/v2\/pages\/98","targetHints":{"allow":["GET"]}}],"collection":[{"href":"https:\/\/www.dvgbund.de\/index.php?rest_route=\/wp\/v2\/pages"}],"about":[{"href":"https:\/\/www.dvgbund.de\/index.php?rest_route=\/wp\/v2\/types\/page"}],"author":[{"embeddable":true,"href":"https:\/\/www.dvgbund.de\/index.php?rest_route=\/wp\/v2\/users\/1"}],"replies":[{"embeddable":true,"href":"https:\/\/www.dvgbund.de\/index.php?rest_route=%2Fwp%2Fv2%2Fcomments&post=98"}],"version-history":[{"count":12,"href":"https:\/\/www.dvgbund.de\/index.php?rest_route=\/wp\/v2\/pages\/98\/revisions"}],"predecessor-version":[{"id":781,"href":"https:\/\/www.dvgbund.de\/index.php?rest_route=\/wp\/v2\/pages\/98\/revisions\/781"}],"up":[{"embeddable":true,"href":"https:\/\/www.dvgbund.de\/index.php?rest_route=\/wp\/v2\/pages\/94"}],"wp:attachment":[{"href":"https:\/\/www.dvgbund.de\/index.php?rest_route=%2Fwp%2Fv2%2Fmedia&parent=98"}],"curies":[{"name":"wp","href":"https:\/\/api.w.org\/{rel}","templated":true}]}}